{"id":119,"date":"2024-11-14T20:13:45","date_gmt":"2024-11-14T20:13:45","guid":{"rendered":"https:\/\/iforplan.eu\/?page_id=119"},"modified":"2025-06-11T19:28:08","modified_gmt":"2025-06-11T19:28:08","slug":"news","status":"publish","type":"page","link":"https:\/\/iforplan.eu\/index.php\/news\/","title":{"rendered":"News and publications"},"content":{"rendered":"\n<h2 class=\"wp-block-heading\">Work meeting in Estonia<\/h2>\n\n\n\n<div class=\"wp-block-columns is-layout-flex wp-container-core-columns-is-layout-28f84493 wp-block-columns-is-layout-flex\">\n<div class=\"wp-block-column is-layout-flow wp-block-column-is-layout-flow\" style=\"flex-basis:100%\">\n<div class=\"wp-block-group has-global-padding is-layout-constrained wp-block-group-is-layout-constrained\">\n<figure class=\"wp-block-image size-large is-resized is-style-default\"><img loading=\"lazy\" decoding=\"async\" width=\"1024\" height=\"1024\" src=\"https:\/\/iforplan.eu\/wp-content\/uploads\/2025\/06\/Projekt-bez-nazwy-2-1024x1024.jpg\" alt=\"\" class=\"wp-image-507\" style=\"width:645px;height:auto\" srcset=\"https:\/\/iforplan.eu\/wp-content\/uploads\/2025\/06\/Projekt-bez-nazwy-2-1024x1024.jpg 1024w, https:\/\/iforplan.eu\/wp-content\/uploads\/2025\/06\/Projekt-bez-nazwy-2-300x300.jpg 300w, https:\/\/iforplan.eu\/wp-content\/uploads\/2025\/06\/Projekt-bez-nazwy-2-150x150.jpg 150w, https:\/\/iforplan.eu\/wp-content\/uploads\/2025\/06\/Projekt-bez-nazwy-2-2000x2000.jpg 2000w, https:\/\/iforplan.eu\/wp-content\/uploads\/2025\/06\/Projekt-bez-nazwy-2.jpg 2048w\" sizes=\"auto, (max-width: 1024px) 100vw, 1024px\" \/><\/figure>\n\n\n\n<p>On May the 15th and 16th 2025, members of working group 2 and heads of the countries\u2019 teams, met in Estonia. We spent two very fruitful days at the Estonian University of Life Sciences at the Institute of Forestry and Engineering. In addition to scientific discussions, we visited the Koork\u00fcla site. The Koorkula community is a place where the Estonian team performs all activities connected to the IFORPLAN project. For members from other countries, it was a great opportunity not only to see the Estonian forest, but to grasp a little knowledge about the history and current management of the research area. It was a great pleasure despite the weather conditions.<\/p>\n<\/div>\n\n\n\n<figure class=\"wp-block-image size-large is-resized\"><img loading=\"lazy\" decoding=\"async\" width=\"768\" height=\"1024\" src=\"https:\/\/iforplan.eu\/wp-content\/uploads\/2025\/06\/Projekt-bez-nazwy-768x1024.jpg\" alt=\"\" class=\"wp-image-522\" style=\"width:632px;height:auto\" srcset=\"https:\/\/iforplan.eu\/wp-content\/uploads\/2025\/06\/Projekt-bez-nazwy-768x1024.jpg 768w, https:\/\/iforplan.eu\/wp-content\/uploads\/2025\/06\/Projekt-bez-nazwy-225x300.jpg 225w, https:\/\/iforplan.eu\/wp-content\/uploads\/2025\/06\/Projekt-bez-nazwy.jpg 1536w\" sizes=\"auto, (max-width: 768px) 100vw, 768px\" \/><\/figure>\n<\/div>\n\n\n\n<div class=\"wp-block-column is-layout-flow wp-block-column-is-layout-flow\" style=\"flex-basis:33.33%\">\n<h2 class=\"wp-block-heading\">Mentions in media<\/h2>\n\n\n\n<figure class=\"wp-block-embed is-type-wp-embed is-provider-forestvalue-2 wp-block-embed-forestvalue-2\"><div class=\"wp-block-embed__wrapper\">\n<blockquote class=\"wp-embedded-content\" data-secret=\"XFVySm8ctV\"><a href=\"https:\/\/forestvalue.org\/project\/iforplan\/\">IFORPLAN<\/a><\/blockquote><iframe loading=\"lazy\" class=\"wp-embedded-content\" sandbox=\"allow-scripts\" security=\"restricted\" style=\"position: absolute; visibility: hidden;\" title=\"&#8220;IFORPLAN&#8221; &#8212; ForestValue2\" src=\"https:\/\/forestvalue.org\/project\/iforplan\/embed\/#?secret=19tkYRCBUN#?secret=XFVySm8ctV\" data-secret=\"XFVySm8ctV\" width=\"600\" height=\"338\" frameborder=\"0\" marginwidth=\"0\" marginheight=\"0\" scrolling=\"no\"><\/iframe>\n<\/div><\/figure>\n\n\n\n<figure class=\"wp-block-embed is-type-wp-embed is-provider-medforest wp-block-embed-medforest\"><div class=\"wp-block-embed__wrapper\">\n<blockquote class=\"wp-embedded-content\" data-secret=\"Nl3kRoerKk\"><a href=\"https:\/\/medforest.net\/2024\/02\/27\/four-forestvalue2-joint-call-projects-recommended-for-funding\/\">Four ForestValue2 Joint Call projects recommended for funding<\/a><\/blockquote><iframe loading=\"lazy\" class=\"wp-embedded-content\" sandbox=\"allow-scripts\" security=\"restricted\" style=\"position: absolute; visibility: hidden;\" title=\"&#8220;Four ForestValue2 Joint Call projects recommended for funding&#8221; &#8212; MedForest\" src=\"https:\/\/medforest.net\/2024\/02\/27\/four-forestvalue2-joint-call-projects-recommended-for-funding\/embed\/#?secret=xW1gwvbqon#?secret=Nl3kRoerKk\" data-secret=\"Nl3kRoerKk\" width=\"600\" height=\"338\" frameborder=\"0\" marginwidth=\"0\" marginheight=\"0\" scrolling=\"no\"><\/iframe>\n<\/div><\/figure>\n\n\n\n<p><a href=\"https:\/\/www.bf.uni-lj.si\/sl\/novice\/2024071012344248\/zazivel-je-nov-mednarodni-projekt-iforplan-za-optimizacijo-vecnamenskega-gospodarjenja-z-gozdovi\" target=\"_blank\" rel=\"noreferrer noopener\">Za\u017eivel je nov mednarodni projekt IFORPLAN za optimizacijo ve\u010dnamenskega gospodarjenja z gozdovi<\/a><\/p>\n\n\n\n<figure class=\"wp-block-embed is-type-wp-embed is-provider-forum-akademickie wp-block-embed-forum-akademickie\"><div class=\"wp-block-embed__wrapper\">\nhttps:\/\/forumakademickie.pl\/sprawy-nauki\/naukowcy-z-warszawy-i-poznania-z-grantami-lesnymi\n<\/div><\/figure>\n\n\n\n<p><a href=\"https:\/\/www.luke.fi\/en\/node\/33739\" target=\"_blank\" rel=\"noreferrer noopener\">Innovative spatial FORest PLANning for supporting multifunctional forest management in a changing environmen<\/a><\/p>\n\n\n\n<p><a href=\"https:\/\/polishscience.pl\/en\/success-of-polish-scientists-in-the-forestvalue2-call-2023-competition\/\" target=\"_blank\" rel=\"noreferrer noopener\">Success of Polish scientists in the ForestValue2 Call 2023 competition<\/a><\/p>\n\n\n\n<p><a href=\"https:\/\/suski.dlawas.info\/wiadomosci\/polacy-w-az-trzech-konsorcjach-podejmujacych-wyzwania-lesnictwa-w-europie\/cid,35330,a\" target=\"_blank\" rel=\"noreferrer noopener\">Polacy w a\u017c trzech konsorcjach podejmuj\u0105cych wyzwania le\u015bnictwa w Europie<\/a><\/p>\n\n\n\n<p><a href=\"https:\/\/www.dlib.si\/details\/URN:NBN:SI:DOC-RMY9MFKP\/?query=%27keywords%3dIFORPLAN%27&amp;pageSize=25\" target=\"_blank\" rel=\"noreferrer noopener\">Septembra uspe\u0161no izvedli prvo uvodno sre\u010danje delovne skupine projekta IFORPLAN<\/a><\/p>\n\n\n\n<p><\/p>\n\n\n\n<p><\/p>\n\n\n\n<p><\/p>\n<\/div>\n<\/div>\n\n\n\n<div class=\"wp-block-group has-global-padding is-layout-constrained wp-block-group-is-layout-constrained\">\n<div class=\"wp-block-group has-global-padding is-layout-constrained wp-block-group-is-layout-constrained\">\n<div class=\"wp-block-columns is-layout-flex wp-container-core-columns-is-layout-28f84493 wp-block-columns-is-layout-flex\">\n<div class=\"wp-block-column is-layout-flow wp-block-column-is-layout-flow\" style=\"flex-basis:66.66%\">\n<h2 class=\"wp-block-heading\">Successful Launch of IFORPLAN Project in Kranjska Gora<\/h2>\n\n\n\n<p>The international IFORPLAN project (Innovative Spatial Forest Planning for Supporting Resilient Multifunctional Forest Management) held its first partner meeting on September 19-20, 2024 in Ljubljana and Kranjska Gora, Slovenia. The project, involving partners from Estonia, Finland, Poland, and Slovenia, focuses on innovative spatial planning to support multifunctional forest management. The pilot area in Slovenia is the Kranjska Gora forest management unit.<\/p>\n\n\n\n<p>The first day took place at the Biotechnical Faculty in Ljubljana, where participants were welcomed by Dean Prof. Dr. Marina Pintar. The discussions focused on zoning priority forest areas and improving planning methods, with various project aspects presented, emphasizing forest resilience and multifunctionality.<\/p>\n\n\n\n<figure class=\"wp-block-image size-full\"><img loading=\"lazy\" decoding=\"async\" width=\"576\" height=\"432\" src=\"https:\/\/iforplan.eu\/wp-content\/uploads\/2025\/01\/p1-1.png\" alt=\"\" class=\"wp-image-465\" srcset=\"https:\/\/iforplan.eu\/wp-content\/uploads\/2025\/01\/p1-1.png 576w, https:\/\/iforplan.eu\/wp-content\/uploads\/2025\/01\/p1-1-300x225.png 300w\" sizes=\"auto, (max-width: 576px) 100vw, 576px\" \/><\/figure>\n\n\n\n<p>On the second day, participants visited the pilot area in Kranjska Gora. Key stakeholders, including representatives from the <a href=\"https:\/\/www.zgs.si\/en\/\" data-type=\"link\" data-id=\"https:\/\/www.zgs.si\/en\/\">Slovenia Forest Service<\/a> and the <a href=\"https:\/\/www.gov.si\/en\/state-authorities\/ministries\/ministry-of-higher-education-science-and-innovation\/\" data-type=\"link\" data-id=\"https:\/\/www.gov.si\/en\/state-authorities\/ministries\/ministry-of-higher-education-science-and-innovation\/\">Ministry of Higher Education, Science and Innovation<\/a>, presented local forest management challenges and tourism impacts. A field visit followed, offering insights into production, protective, and conservation functions of the forests.<\/p>\n\n\n\n<p>The meeting concluded with a review of progress and future tasks aimed at optimizing forest functions and enhancing resilience to climate change.<\/p>\n\n\n\n<figure class=\"wp-block-image size-full\"><img loading=\"lazy\" decoding=\"async\" width=\"576\" height=\"432\" src=\"https:\/\/iforplan.eu\/wp-content\/uploads\/2025\/01\/p5.png\" alt=\"\" class=\"wp-image-464\" srcset=\"https:\/\/iforplan.eu\/wp-content\/uploads\/2025\/01\/p5.png 576w, https:\/\/iforplan.eu\/wp-content\/uploads\/2025\/01\/p5-300x225.png 300w\" sizes=\"auto, (max-width: 576px) 100vw, 576px\" \/><\/figure>\n<\/div>\n<\/div>\n<\/div>\n<\/div>\n\n\n\n<div class=\"wp-block-group is-content-justification-space-between is-nowrap is-layout-flex wp-container-core-group-is-layout-ac7b6909 wp-block-group-is-layout-flex\">\n<div class=\"wp-block-group is-vertical is-layout-flex wp-container-core-group-is-layout-fed7e1b2 wp-block-group-is-layout-flex\">\n<div style=\"height:180px\" aria-hidden=\"true\" class=\"wp-block-spacer wp-container-content-4f552941\"><\/div>\n\n\n<div class=\"wp-block-site-logo\"><a href=\"https:\/\/iforplan.eu\/\" class=\"custom-logo-link\" rel=\"home\"><img loading=\"lazy\" decoding=\"async\" width=\"257\" height=\"63\" src=\"https:\/\/iforplan.eu\/wp-content\/uploads\/2024\/11\/cropped-cropped-BARVNI-ZNAK-IFORPLAN_RGB-no-bg.png\" class=\"custom-logo\" alt=\"iForplan\" srcset=\"https:\/\/iforplan.eu\/wp-content\/uploads\/2024\/11\/cropped-cropped-BARVNI-ZNAK-IFORPLAN_RGB-no-bg.png 1001w, https:\/\/iforplan.eu\/wp-content\/uploads\/2024\/11\/cropped-cropped-BARVNI-ZNAK-IFORPLAN_RGB-no-bg-300x75.png 300w\" sizes=\"auto, 100vw\" \/><\/a><\/div>\n\n\n<p>Innovative spatial forest planning for supporting resilient multifunctional forest management<\/p>\n<\/div>\n\n\n\n<div style=\"height:100px;width:342px\" aria-hidden=\"true\" class=\"wp-block-spacer wp-container-content-f5000d05\"><\/div>\n\n\n\n<div class=\"wp-block-group is-vertical is-layout-flex wp-container-core-group-is-layout-fe9cc265 wp-block-group-is-layout-flex\">\n<h5 class=\"wp-block-heading has-text-align-left\">COORDINATION<\/h5>\n\n\n\n<p>University of Ljubljana,<br>Biotechnical faculty,<br>Department of forestry and renewable forest resources<\/p>\n\n\n\n<p>Ve\u010dna pot 83, SI-1000 Ljubljana<\/p>\n\n\n\n<ul class=\"wp-block-social-links is-layout-flex wp-block-social-links-is-layout-flex\"><li class=\"wp-social-link wp-social-link-mail  wp-block-social-link\"><a href=\"mailto:i&#110;f&#111;&#064;i&#102;o&#114;&#112;la&#110;&#046;&#101;u\" class=\"wp-block-social-link-anchor\"><svg width=\"24\" height=\"24\" viewBox=\"0 0 24 24\" version=\"1.1\" xmlns=\"http:\/\/www.w3.org\/2000\/svg\" aria-hidden=\"true\" focusable=\"false\"><path d=\"M19,5H5c-1.1,0-2,.9-2,2v10c0,1.1.9,2,2,2h14c1.1,0,2-.9,2-2V7c0-1.1-.9-2-2-2zm.5,12c0,.3-.2.5-.5.5H5c-.3,0-.5-.2-.5-.5V9.8l7.5,5.6,7.5-5.6V17zm0-9.1L12,13.6,4.5,7.9V7c0-.3.2-.5.5-.5h14c.3,0,.5.2.5.5v.9z\"><\/path><\/svg><span class=\"wp-block-social-link-label screen-reader-text\">Mail<\/span><\/a><\/li>\n\n<li class=\"wp-social-link wp-social-link-chain  wp-block-social-link\"><a href=\"https:\/\/www.iforplan.eu\" class=\"wp-block-social-link-anchor\"><svg width=\"24\" height=\"24\" viewBox=\"0 0 24 24\" version=\"1.1\" xmlns=\"http:\/\/www.w3.org\/2000\/svg\" aria-hidden=\"true\" focusable=\"false\"><path d=\"M15.6,7.2H14v1.5h1.6c2,0,3.7,1.7,3.7,3.7s-1.7,3.7-3.7,3.7H14v1.5h1.6c2.8,0,5.2-2.3,5.2-5.2,0-2.9-2.3-5.2-5.2-5.2zM4.7,12.4c0-2,1.7-3.7,3.7-3.7H10V7.2H8.4c-2.9,0-5.2,2.3-5.2,5.2,0,2.9,2.3,5.2,5.2,5.2H10v-1.5H8.4c-2,0-3.7-1.7-3.7-3.7zm4.6.9h5.3v-1.5H9.3v1.5z\"><\/path><\/svg><span class=\"wp-block-social-link-label screen-reader-text\">Link<\/span><\/a><\/li><\/ul>\n<\/div>\n<\/div>\n\n\n\n<div class=\"wp-block-group is-content-justification-center is-nowrap is-layout-flex wp-container-core-group-is-layout-23441af8 wp-block-group-is-layout-flex\">\n<figure class=\"wp-block-image size-large is-resized\"><img loading=\"lazy\" decoding=\"async\" width=\"1024\" height=\"620\" src=\"https:\/\/iforplan.eu\/wp-content\/uploads\/2024\/12\/UL_BF-logoENG-VER-CMYK_color-1024x620.jpg\" alt=\"\" class=\"wp-image-326\" style=\"width:210px;height:auto\" srcset=\"https:\/\/iforplan.eu\/wp-content\/uploads\/2024\/12\/UL_BF-logoENG-VER-CMYK_color-1024x620.jpg 1024w, https:\/\/iforplan.eu\/wp-content\/uploads\/2024\/12\/UL_BF-logoENG-VER-CMYK_color-300x182.jpg 300w, https:\/\/iforplan.eu\/wp-content\/uploads\/2024\/12\/UL_BF-logoENG-VER-CMYK_color-2000x1212.jpg 2000w\" sizes=\"auto, (max-width: 1024px) 100vw, 1024px\" \/><\/figure>\n\n\n\n<figure class=\"wp-block-image size-full is-resized\"><img loading=\"lazy\" decoding=\"async\" width=\"250\" height=\"70\" src=\"https:\/\/iforplan.eu\/wp-content\/uploads\/2024\/12\/puls_logo-2.png\" alt=\"\" class=\"wp-image-325\" style=\"width:255px;height:auto\"\/><\/figure>\n\n\n\n<figure class=\"wp-block-image size-large is-resized\"><img loading=\"lazy\" decoding=\"async\" width=\"1024\" height=\"307\" src=\"https:\/\/iforplan.eu\/wp-content\/uploads\/2025\/06\/EMY_LOGO_HOR_RGB_EST_ROHELINE-1024x307.gif\" alt=\"\" class=\"wp-image-506\" style=\"width:224px;height:auto\" srcset=\"https:\/\/iforplan.eu\/wp-content\/uploads\/2025\/06\/EMY_LOGO_HOR_RGB_EST_ROHELINE-1024x307.gif 1024w, https:\/\/iforplan.eu\/wp-content\/uploads\/2025\/06\/EMY_LOGO_HOR_RGB_EST_ROHELINE-300x90.gif 300w, https:\/\/iforplan.eu\/wp-content\/uploads\/2025\/06\/EMY_LOGO_HOR_RGB_EST_ROHELINE-2000x600.gif 2000w\" sizes=\"auto, (max-width: 1024px) 100vw, 1024px\" \/><\/figure>\n\n\n\n<figure class=\"wp-block-image size-full is-resized\"><img loading=\"lazy\" decoding=\"async\" width=\"460\" height=\"230\" src=\"https:\/\/iforplan.eu\/wp-content\/uploads\/2024\/12\/LUKE_LOGO-1.png\" alt=\"\" class=\"wp-image-328\" style=\"width:163px;height:auto\" srcset=\"https:\/\/iforplan.eu\/wp-content\/uploads\/2024\/12\/LUKE_LOGO-1.png 460w, https:\/\/iforplan.eu\/wp-content\/uploads\/2024\/12\/LUKE_LOGO-1-300x150.png 300w\" sizes=\"auto, (max-width: 460px) 100vw, 460px\" \/><\/figure>\n<\/div>\n\n\n\n<div class=\"wp-block-group is-content-justification-center is-nowrap is-layout-flex wp-container-core-group-is-layout-23441af8 wp-block-group-is-layout-flex\">\n<figure class=\"wp-block-image size-full is-resized wp-container-content-69bc4bdf\"><img loading=\"lazy\" decoding=\"async\" width=\"230\" height=\"219\" src=\"https:\/\/iforplan.eu\/wp-content\/uploads\/2025\/02\/EU_Logo.png\" alt=\"\" class=\"wp-image-477\" style=\"width:159px;height:auto\"\/><\/figure>\n\n\n\n<figure class=\"wp-block-image is-resized\"><img loading=\"lazy\" decoding=\"async\" width=\"831\" height=\"118\" src=\"https:\/\/iforplan.eu\/wp-content\/uploads\/2025\/02\/FoV2-logo-2.webp\" alt=\"\" class=\"wp-image-479\" style=\"width:368px;height:auto\" srcset=\"https:\/\/iforplan.eu\/wp-content\/uploads\/2025\/02\/FoV2-logo-2.webp 831w, https:\/\/iforplan.eu\/wp-content\/uploads\/2025\/02\/FoV2-logo-2-300x43.webp 300w\" sizes=\"auto, (max-width: 831px) 100vw, 831px\" \/><\/figure>\n<\/div>\n\n\n\n<p><\/p>\n","protected":false},"excerpt":{"rendered":"<p>Work meeting in Estonia On May the 15th and 16th 2025, members of working group 2 and heads of the countries\u2019 teams, met in Estonia. We spent two very fruitful days at the Estonian University of Life Sciences at the Institute of Forestry and Engineering. In addition to scientific discussions, we visited the Koork\u00fcla site. &hellip; <\/p>\n<p class=\"link-more\"><a href=\"https:\/\/iforplan.eu\/index.php\/news\/\" class=\"more-link\">Read more<span class=\"screen-reader-text\"> &#8220;News and publications&#8221;<\/span><\/a><\/p>\n","protected":false},"author":1,"featured_media":0,"parent":0,"menu_order":0,"comment_status":"closed","ping_status":"closed","template":"","meta":{"footnotes":""},"class_list":["post-119","page","type-page","status-publish","hentry"],"_links":{"self":[{"href":"https:\/\/iforplan.eu\/index.php\/wp-json\/wp\/v2\/pages\/119","targetHints":{"allow":["GET"]}}],"collection":[{"href":"https:\/\/iforplan.eu\/index.php\/wp-json\/wp\/v2\/pages"}],"about":[{"href":"https:\/\/iforplan.eu\/index.php\/wp-json\/wp\/v2\/types\/page"}],"author":[{"embeddable":true,"href":"https:\/\/iforplan.eu\/index.php\/wp-json\/wp\/v2\/users\/1"}],"replies":[{"embeddable":true,"href":"https:\/\/iforplan.eu\/index.php\/wp-json\/wp\/v2\/comments?post=119"}],"version-history":[{"count":22,"href":"https:\/\/iforplan.eu\/index.php\/wp-json\/wp\/v2\/pages\/119\/revisions"}],"predecessor-version":[{"id":524,"href":"https:\/\/iforplan.eu\/index.php\/wp-json\/wp\/v2\/pages\/119\/revisions\/524"}],"wp:attachment":[{"href":"https:\/\/iforplan.eu\/index.php\/wp-json\/wp\/v2\/media?parent=119"}],"curies":[{"name":"wp","href":"https:\/\/api.w.org\/{rel}","templated":true}]}}